{"id":96,"date":"2016-10-04T09:19:11","date_gmt":"2016-10-04T07:19:11","guid":{"rendered":"http:\/\/127.0.0.1\/?page_id=96"},"modified":"2020-04-02T08:08:22","modified_gmt":"2020-04-02T06:08:22","slug":"klan-d-parlent-aux-clandes","status":"publish","type":"page","link":"https:\/\/www.klan-d.net\/?page_id=96","title":{"rendered":"Les Klan-D parlent aux cland\u00e9s"},"content":{"rendered":"<hr>\n<p>Tous les mercredi, \u00e0 19H, les Klan-D vous ouvrent l&rsquo;antenne ! Joignez nous au 09 77 21 50 80 ou sur le chat du site! Le sujet est annonc\u00e9 chaque semaine, mais vous pouvez appeler pour ce que vous voulez : politique, actu, le veganisme de Makhno, ou encore les sauces Chunky Burger de Mac Baret. L&rsquo;antenne est \u00e0 vous!<\/p>\n<hr>\n<p style=\"text-align: left;\"><strong>les Klan-D parlent aux cland\u00e9s #10 &#8211; Bonjour Fillon, Aurevoir Castro!<\/strong><\/p>\n<p style=\"text-align: left;\"><iframe loading=\"lazy\" src=\"https:\/\/www.mixcloud.com\/widget\/iframe\/?feed=https%3A%2F%2Fwww.mixcloud.com%2FRadio_Klan_D%2Fles-klan-d-parlent-aux-cland%25C3%25A9s-10-au-revoir-castro-bonjour-fillon%2F&amp;hide_cover=1&amp;light=1\" width=\"100%\" height=\"120\" frameborder=\"0\"><\/iframe><\/p>\n<p style=\"text-align: left;\"><strong>les Klan-D parlent aux cland\u00e9s #9 &#8211; Sp\u00e9ciale magouilles de Marini<\/strong><\/p>\n<p style=\"text-align: left;\"><iframe loading=\"lazy\" src=\"https:\/\/www.mixcloud.com\/widget\/iframe\/?feed=https%3A%2F%2Fwww.mixcloud.com%2FRadio_Klan_D%2Fles-klan-d-parlent-aux-cland%25C3%25A9s-9-sp%25C3%25A9ciale-magouilles-de-marini%2F&amp;hide_cover=1&amp;light=1\" width=\"100%\" height=\"120\" frameborder=\"0\"><\/iframe><\/p>\n<p style=\"text-align: left;\"><strong>les Klan-D parlent aux cland\u00e9s #8 &#8211; Gaillard VS Semoun<\/strong><\/p>\n<p style=\"text-align: left;\"><iframe loading=\"lazy\" src=\"https:\/\/www.mixcloud.com\/widget\/iframe\/?feed=https%3A%2F%2Fwww.mixcloud.com%2FRadio_Klan_D%2Fles-klan-d-parlent-aux-cland%25C3%25A9s-8-gaillard-vs-semoun%2F&amp;hide_cover=1&amp;light=1\" width=\"100%\" height=\"120\" frameborder=\"0\"><\/iframe><\/p>\n<p style=\"text-align: left;\"><strong>les Klan-D parlent aux cland\u00e9s #7 &#8211; Trump Pr\u00e9sident!<\/strong><\/p>\n<p style=\"text-align: left;\"><iframe loading=\"lazy\" src=\"https:\/\/www.mixcloud.com\/widget\/iframe\/?feed=https%3A%2F%2Fwww.mixcloud.com%2FRadio_Klan_D%2Fles-klan-d-parlent-aux-cland%25C3%25A9s-7-trump-pr%25C3%25A9sident%2F&amp;hide_cover=1&amp;light=1\" width=\"100%\" height=\"120\" frameborder=\"0\"><\/iframe><\/p>\n<p style=\"text-align: left;\"><strong>les Klan-D parlent aux cland\u00e9s #6 &#8211; La Grande Bouffe<\/strong><\/p>\n<p style=\"text-align: left;\"><iframe loading=\"lazy\" src=\"https:\/\/www.mixcloud.com\/widget\/iframe\/?feed=https%3A%2F%2Fwww.mixcloud.com%2FRadio_Klan_D%2Fles-klan-d-parlent-aux-cland%25C3%25A9s-6-la-grande-bouffe%2F&amp;hide_cover=1&amp;light=1\" width=\"100%\" height=\"120\" frameborder=\"0\"><\/iframe><\/p>\n<p style=\"text-align: left;\"><strong>les Klan-D parlent aux cland\u00e9s #5 &#8211; Migrants<\/strong><\/p>\n<p style=\"text-align: left;\"><iframe loading=\"lazy\" src=\"https:\/\/www.mixcloud.com\/widget\/iframe\/?feed=https%3A%2F%2Fwww.mixcloud.com%2FRadio_Klan_D%2Fles-klan-d-parlent-aux-cland%25C3%25A9s-5-migrants%2F&amp;hide_cover=1&amp;light=1\" width=\"100%\" height=\"120\" frameborder=\"0\"><\/iframe><\/p>\n<p style=\"text-align: left;\"><strong>les Klan-D parlent aux cland\u00e9s #4<\/strong><\/p>\n<p style=\"text-align: left;\"><iframe loading=\"lazy\" src=\"https:\/\/www.mixcloud.com\/widget\/iframe\/?feed=https%3A%2F%2Fwww.mixcloud.com%2FRadio_Klan_D%2Fles-klan-d-parlent-aux-cland%25C3%25A9s-4%2F&amp;hide_cover=1&amp;light=1\" width=\"100%\" height=\"120\" frameborder=\"0\"><\/iframe><\/p>\n<p style=\"text-align: left;\"><strong>les Klan-D parlent aux cland\u00e9s #3<\/strong><\/p>\n<p style=\"text-align: left;\"><iframe loading=\"lazy\" src=\"https:\/\/www.mixcloud.com\/widget\/iframe\/?feed=https%3A%2F%2Fwww.mixcloud.com%2FRadio_Klan_D%2Fles-klan-d-parlent-aux-cland%25C3%25A9s-3%2F&amp;hide_cover=1&amp;light=1\" width=\"100%\" height=\"120\" frameborder=\"0\"><\/iframe><\/p>\n<p style=\"text-align: left;\"><strong>les Klan-D parlent aux cland\u00e9s #2<\/strong><\/p>\n<p style=\"text-align: left;\"><iframe loading=\"lazy\" src=\"https:\/\/www.mixcloud.com\/widget\/iframe\/?feed=https%3A%2F%2Fwww.mixcloud.com%2FRadio_Klan_D%2Fles-klan-d-parlent-aux-cland%25C3%25A9s-2%2F&amp;hide_cover=1&amp;light=1\" width=\"100%\" height=\"120\" frameborder=\"0\"><\/iframe><\/p>\n","protected":false},"excerpt":{"rendered":"<p>Tous les mercredi, \u00e0 19H, les Klan-D vous ouvrent l&rsquo;antenne ! Joignez nous au 09 77 21 50 80 ou sur le chat du site! Le sujet est annonc\u00e9 chaque semaine, mais vous pouvez&#46;&#46;&#46;<\/p>\n","protected":false},"author":1,"featured_media":245,"parent":997,"menu_order":0,"comment_status":"closed","ping_status":"closed","template":"","meta":{"footnotes":""},"class_list":["post-96","page","type-page","status-publish","has-post-thumbnail","hentry"],"yoast_head":"<!-- This site is optimized with the Yoast SEO plugin v27.4 - https:\/\/yoast.com\/product\/yoast-seo-wordpress\/ -->\n<title>Les Klan-D parlent aux cland\u00e9s &#8226; Radio Klan-D<\/title>\n<meta name=\"description\" content=\"Tous les mercredi, les Kland\u00e9s vous donnent la parole. Libre antenne totale sans tabous, sujets d&#039;actus ou que vous voulez partager, tout est possible.\" \/>\n<meta name=\"robots\" content=\"index, follow, max-snippet:-1, max-image-preview:large, max-video-preview:-1\" \/>\n<link rel=\"canonical\" href=\"https:\/\/www.klan-d.net\/?page_id=96\" \/>\n<meta property=\"og:locale\" content=\"fr_FR\" \/>\n<meta property=\"og:type\" content=\"article\" \/>\n<meta property=\"og:title\" content=\"Les Kland\u00e9s parlent aux Cland\u00e9s\" \/>\n<meta property=\"og:description\" content=\"Tous les mercredi, \u00e0 19H, les Klan-D vous ouvrent l&#039;antenne ! Joignez nous au 09 77 21 50 80 ou sur le chat du site! Le sujet est annonc\u00e9 chaque semaine, mais vous pouvez appeler pour ce que vous voulez : politique, actu, le veganisme de Makhno, ou encore les sauces Chunky Burger de Mac Baret. L&#039;antenne est \u00e0 vous!\" \/>\n<meta property=\"og:url\" content=\"https:\/\/www.klan-d.net\/?page_id=96\" \/>\n<meta property=\"og:site_name\" content=\"Radio Klan-D\" \/>\n<meta property=\"article:publisher\" content=\"https:\/\/www.facebook.com\/radioclandestine\/\" \/>\n<meta property=\"article:modified_time\" content=\"2020-04-02T06:08:22+00:00\" \/>\n<meta property=\"og:image\" content=\"https:\/\/www.klan-d.net\/wp-content\/uploads\/klan-d-parlent-clandes.jpg\" \/>\n\t<meta property=\"og:image:width\" content=\"500\" \/>\n\t<meta property=\"og:image:height\" content=\"480\" \/>\n\t<meta property=\"og:image:type\" content=\"image\/jpeg\" \/>\n<meta name=\"twitter:card\" content=\"summary_large_image\" \/>\n<meta name=\"twitter:site\" content=\"@RadioKlanD\" \/>\n<meta name=\"twitter:label1\" content=\"Dur\u00e9e de lecture estim\u00e9e\" \/>\n\t<meta name=\"twitter:data1\" content=\"1 minute\" \/>\n<script type=\"application\/ld+json\" class=\"yoast-schema-graph\">{\"@context\":\"https:\\\/\\\/schema.org\",\"@graph\":[{\"@type\":\"WebPage\",\"@id\":\"https:\\\/\\\/www.klan-d.net\\\/?page_id=96\",\"url\":\"https:\\\/\\\/www.klan-d.net\\\/?page_id=96\",\"name\":\"Les Klan-D parlent aux cland\u00e9s &#8226; Radio Klan-D\",\"isPartOf\":{\"@id\":\"https:\\\/\\\/www.klan-d.net\\\/#website\"},\"primaryImageOfPage\":{\"@id\":\"https:\\\/\\\/www.klan-d.net\\\/?page_id=96#primaryimage\"},\"image\":{\"@id\":\"https:\\\/\\\/www.klan-d.net\\\/?page_id=96#primaryimage\"},\"thumbnailUrl\":\"https:\\\/\\\/www.klan-d.net\\\/wp-content\\\/uploads\\\/klan-d-parlent-clandes.jpg\",\"datePublished\":\"2016-10-04T07:19:11+00:00\",\"dateModified\":\"2020-04-02T06:08:22+00:00\",\"description\":\"Tous les mercredi, les Kland\u00e9s vous donnent la parole. Libre antenne totale sans tabous, sujets d'actus ou que vous voulez partager, tout est possible.\",\"breadcrumb\":{\"@id\":\"https:\\\/\\\/www.klan-d.net\\\/?page_id=96#breadcrumb\"},\"inLanguage\":\"fr-FR\",\"potentialAction\":[{\"@type\":\"ReadAction\",\"target\":[\"https:\\\/\\\/www.klan-d.net\\\/?page_id=96\"]}]},{\"@type\":\"ImageObject\",\"inLanguage\":\"fr-FR\",\"@id\":\"https:\\\/\\\/www.klan-d.net\\\/?page_id=96#primaryimage\",\"url\":\"https:\\\/\\\/www.klan-d.net\\\/wp-content\\\/uploads\\\/klan-d-parlent-clandes.jpg\",\"contentUrl\":\"https:\\\/\\\/www.klan-d.net\\\/wp-content\\\/uploads\\\/klan-d-parlent-clandes.jpg\",\"width\":500,\"height\":480},{\"@type\":\"BreadcrumbList\",\"@id\":\"https:\\\/\\\/www.klan-d.net\\\/?page_id=96#breadcrumb\",\"itemListElement\":[{\"@type\":\"ListItem\",\"position\":1,\"name\":\"Accueil\",\"item\":\"https:\\\/\\\/www.klan-d.net\\\/\"},{\"@type\":\"ListItem\",\"position\":2,\"name\":\"Archives\",\"item\":\"https:\\\/\\\/www.klan-d.net\\\/?page_id=997\"},{\"@type\":\"ListItem\",\"position\":3,\"name\":\"Les Klan-D parlent aux cland\u00e9s\"}]},{\"@type\":\"WebSite\",\"@id\":\"https:\\\/\\\/www.klan-d.net\\\/#website\",\"url\":\"https:\\\/\\\/www.klan-d.net\\\/\",\"name\":\"Radio Klan-D\",\"description\":\"Webradio clandestine et ind\u00e9, partout, du old school hip hop, du boom bap et des vannes pourries !\",\"publisher\":{\"@id\":\"https:\\\/\\\/www.klan-d.net\\\/#organization\"},\"potentialAction\":[{\"@type\":\"SearchAction\",\"target\":{\"@type\":\"EntryPoint\",\"urlTemplate\":\"https:\\\/\\\/www.klan-d.net\\\/?s={search_term_string}\"},\"query-input\":{\"@type\":\"PropertyValueSpecification\",\"valueRequired\":true,\"valueName\":\"search_term_string\"}}],\"inLanguage\":\"fr-FR\"},{\"@type\":\"Organization\",\"@id\":\"https:\\\/\\\/www.klan-d.net\\\/#organization\",\"name\":\"Radio Klan-D\",\"url\":\"https:\\\/\\\/www.klan-d.net\\\/\",\"logo\":{\"@type\":\"ImageObject\",\"inLanguage\":\"fr-FR\",\"@id\":\"https:\\\/\\\/www.klan-d.net\\\/#\\\/schema\\\/logo\\\/image\\\/\",\"url\":\"https:\\\/\\\/www.klan-d.net\\\/wp-content\\\/uploads\\\/cropped-kland4.jpg\",\"contentUrl\":\"https:\\\/\\\/www.klan-d.net\\\/wp-content\\\/uploads\\\/cropped-kland4.jpg\",\"width\":512,\"height\":512,\"caption\":\"Radio Klan-D\"},\"image\":{\"@id\":\"https:\\\/\\\/www.klan-d.net\\\/#\\\/schema\\\/logo\\\/image\\\/\"},\"sameAs\":[\"https:\\\/\\\/www.facebook.com\\\/radioclandestine\\\/\",\"https:\\\/\\\/x.com\\\/RadioKlanD\",\"https:\\\/\\\/www.youtube.com\\\/channel\\\/UC2QoBtfYHnl9oWoPlvmaAEg\"]}]}<\/script>\n<!-- \/ Yoast SEO plugin. -->","yoast_head_json":{"title":"Les Klan-D parlent aux cland\u00e9s &#8226; Radio Klan-D","description":"Tous les mercredi, les Kland\u00e9s vous donnent la parole. Libre antenne totale sans tabous, sujets d'actus ou que vous voulez partager, tout est possible.","robots":{"index":"index","follow":"follow","max-snippet":"max-snippet:-1","max-image-preview":"max-image-preview:large","max-video-preview":"max-video-preview:-1"},"canonical":"https:\/\/www.klan-d.net\/?page_id=96","og_locale":"fr_FR","og_type":"article","og_title":"Les Kland\u00e9s parlent aux Cland\u00e9s","og_description":"Tous les mercredi, \u00e0 19H, les Klan-D vous ouvrent l'antenne ! Joignez nous au 09 77 21 50 80 ou sur le chat du site! Le sujet est annonc\u00e9 chaque semaine, mais vous pouvez appeler pour ce que vous voulez : politique, actu, le veganisme de Makhno, ou encore les sauces Chunky Burger de Mac Baret. L'antenne est \u00e0 vous!","og_url":"https:\/\/www.klan-d.net\/?page_id=96","og_site_name":"Radio Klan-D","article_publisher":"https:\/\/www.facebook.com\/radioclandestine\/","article_modified_time":"2020-04-02T06:08:22+00:00","og_image":[{"width":500,"height":480,"url":"https:\/\/www.klan-d.net\/wp-content\/uploads\/klan-d-parlent-clandes.jpg","type":"image\/jpeg"}],"twitter_card":"summary_large_image","twitter_site":"@RadioKlanD","twitter_misc":{"Dur\u00e9e de lecture estim\u00e9e":"1 minute"},"schema":{"@context":"https:\/\/schema.org","@graph":[{"@type":"WebPage","@id":"https:\/\/www.klan-d.net\/?page_id=96","url":"https:\/\/www.klan-d.net\/?page_id=96","name":"Les Klan-D parlent aux cland\u00e9s &#8226; Radio Klan-D","isPartOf":{"@id":"https:\/\/www.klan-d.net\/#website"},"primaryImageOfPage":{"@id":"https:\/\/www.klan-d.net\/?page_id=96#primaryimage"},"image":{"@id":"https:\/\/www.klan-d.net\/?page_id=96#primaryimage"},"thumbnailUrl":"https:\/\/www.klan-d.net\/wp-content\/uploads\/klan-d-parlent-clandes.jpg","datePublished":"2016-10-04T07:19:11+00:00","dateModified":"2020-04-02T06:08:22+00:00","description":"Tous les mercredi, les Kland\u00e9s vous donnent la parole. Libre antenne totale sans tabous, sujets d'actus ou que vous voulez partager, tout est possible.","breadcrumb":{"@id":"https:\/\/www.klan-d.net\/?page_id=96#breadcrumb"},"inLanguage":"fr-FR","potentialAction":[{"@type":"ReadAction","target":["https:\/\/www.klan-d.net\/?page_id=96"]}]},{"@type":"ImageObject","inLanguage":"fr-FR","@id":"https:\/\/www.klan-d.net\/?page_id=96#primaryimage","url":"https:\/\/www.klan-d.net\/wp-content\/uploads\/klan-d-parlent-clandes.jpg","contentUrl":"https:\/\/www.klan-d.net\/wp-content\/uploads\/klan-d-parlent-clandes.jpg","width":500,"height":480},{"@type":"BreadcrumbList","@id":"https:\/\/www.klan-d.net\/?page_id=96#breadcrumb","itemListElement":[{"@type":"ListItem","position":1,"name":"Accueil","item":"https:\/\/www.klan-d.net\/"},{"@type":"ListItem","position":2,"name":"Archives","item":"https:\/\/www.klan-d.net\/?page_id=997"},{"@type":"ListItem","position":3,"name":"Les Klan-D parlent aux cland\u00e9s"}]},{"@type":"WebSite","@id":"https:\/\/www.klan-d.net\/#website","url":"https:\/\/www.klan-d.net\/","name":"Radio Klan-D","description":"Webradio clandestine et ind\u00e9, partout, du old school hip hop, du boom bap et des vannes pourries !","publisher":{"@id":"https:\/\/www.klan-d.net\/#organization"},"potentialAction":[{"@type":"SearchAction","target":{"@type":"EntryPoint","urlTemplate":"https:\/\/www.klan-d.net\/?s={search_term_string}"},"query-input":{"@type":"PropertyValueSpecification","valueRequired":true,"valueName":"search_term_string"}}],"inLanguage":"fr-FR"},{"@type":"Organization","@id":"https:\/\/www.klan-d.net\/#organization","name":"Radio Klan-D","url":"https:\/\/www.klan-d.net\/","logo":{"@type":"ImageObject","inLanguage":"fr-FR","@id":"https:\/\/www.klan-d.net\/#\/schema\/logo\/image\/","url":"https:\/\/www.klan-d.net\/wp-content\/uploads\/cropped-kland4.jpg","contentUrl":"https:\/\/www.klan-d.net\/wp-content\/uploads\/cropped-kland4.jpg","width":512,"height":512,"caption":"Radio Klan-D"},"image":{"@id":"https:\/\/www.klan-d.net\/#\/schema\/logo\/image\/"},"sameAs":["https:\/\/www.facebook.com\/radioclandestine\/","https:\/\/x.com\/RadioKlanD","https:\/\/www.youtube.com\/channel\/UC2QoBtfYHnl9oWoPlvmaAEg"]}]}},"_links":{"self":[{"href":"https:\/\/www.klan-d.net\/index.php?rest_route=\/wp\/v2\/pages\/96","targetHints":{"allow":["GET"]}}],"collection":[{"href":"https:\/\/www.klan-d.net\/index.php?rest_route=\/wp\/v2\/pages"}],"about":[{"href":"https:\/\/www.klan-d.net\/index.php?rest_route=\/wp\/v2\/types\/page"}],"author":[{"embeddable":true,"href":"https:\/\/www.klan-d.net\/index.php?rest_route=\/wp\/v2\/users\/1"}],"replies":[{"embeddable":true,"href":"https:\/\/www.klan-d.net\/index.php?rest_route=%2Fwp%2Fv2%2Fcomments&post=96"}],"version-history":[{"count":0,"href":"https:\/\/www.klan-d.net\/index.php?rest_route=\/wp\/v2\/pages\/96\/revisions"}],"up":[{"embeddable":true,"href":"https:\/\/www.klan-d.net\/index.php?rest_route=\/wp\/v2\/pages\/997"}],"wp:featuredmedia":[{"embeddable":true,"href":"https:\/\/www.klan-d.net\/index.php?rest_route=\/wp\/v2\/media\/245"}],"wp:attachment":[{"href":"https:\/\/www.klan-d.net\/index.php?rest_route=%2Fwp%2Fv2%2Fmedia&parent=96"}],"curies":[{"name":"wp","href":"https:\/\/api.w.org\/{rel}","templated":true}]}}