{"id":1010,"date":"2019-01-26T05:59:31","date_gmt":"2019-01-26T04:59:31","guid":{"rendered":"https:\/\/www.klan-d.net\/?page_id=1010"},"modified":"2020-04-02T08:01:46","modified_gmt":"2020-04-02T06:01:46","slug":"itiner-hertz","status":"publish","type":"page","link":"https:\/\/www.klan-d.net\/?page_id=1010","title":{"rendered":"Itiner Hertz"},"content":{"rendered":"\n<figure class=\"wp-block-image\"><img loading=\"lazy\" decoding=\"async\" width=\"1024\" height=\"576\" src=\"https:\/\/www.klan-d.net\/wp-content\/uploads\/49899315_1024622301074097_4169731091940245504_n-1024x576.jpg\" alt=\"Itiner Hertz\" class=\"wp-image-1006\"\/><\/figure>\n\n\n\n<p>Tous les 3\u00e8me mercredi du mois sur Klan-D, de 22h \u00e0 23h en direct : Itiner Hertz, pilot\u00e9e par St\u00e9phane Clovis. <\/p>\n\n\n\n<p>A chaque \u00e9mission, un invit\u00e9, un live improvis\u00e9, de l&rsquo;actu&#8230;.<\/p>\n\n\n\n<hr class=\"wp-block-separator\"\/>\n\n\n\n<figure class=\"wp-block-embed-mixcloud wp-block-embed is-type-rich is-provider-mixcloud wp-embed-aspect-21-9 wp-has-aspect-ratio\"><div class=\"wp-block-embed__wrapper\">\n<iframe loading=\"lazy\" title=\"Itiner Hertz #1\" width=\"100%\" height=\"120\" src=\"https:\/\/www.mixcloud.com\/widget\/iframe\/?feed=https%3A%2F%2Fwww.mixcloud.com%2FRadio_Klan_D%2Fitiner-hertz-1%2F&amp;hide_cover=1\" frameborder=\"0\" allow=\"encrypted-media; fullscreen; autoplay; idle-detection; speaker-selection; web-share;\"><\/iframe>\n<\/div><figcaption> <br>Itiner Hertz , nouveau programme sur Klan-D port\u00e9 par L&rsquo;artiste  pluridisciplinaire St\u00e9phane Clovis. Une heure de cr\u00e9ation en direct,  Live improvis\u00e9 et instantan\u00e9 \u00e9lectro ambiant exp\u00e9rimental.<br>Pour cette  premi\u00e8re, St\u00e9phane Clovis re\u00e7oit S\u00e9bastien Job du Collectif Dubovnik.  Et en fin d&rsquo;\u00e9mission une discussion entre Le Snatch (exceptionnellement)  St\u00e9phane et Seb sur leurs pratiques, leurs Arts, la cr\u00e9ation&#8230; <\/figcaption><\/figure>\n\n\n\n<figure class=\"wp-block-embed-mixcloud wp-block-embed is-type-rich is-provider-mixcloud wp-embed-aspect-21-9 wp-has-aspect-ratio\"><div class=\"wp-block-embed__wrapper\">\n<iframe loading=\"lazy\" title=\"Itiner Hertz #2\" width=\"100%\" height=\"120\" src=\"https:\/\/www.mixcloud.com\/widget\/iframe\/?feed=https%3A%2F%2Fwww.mixcloud.com%2FRadio_Klan_D%2Fitiner-hertz-2%2F&amp;hide_cover=1\" frameborder=\"0\" allow=\"encrypted-media; fullscreen; autoplay; idle-detection; speaker-selection; web-share;\"><\/iframe>\n<\/div><figcaption> Pour ce deuxi\u00e8me envol , St\u00e9phane Clovis accueil Dj WAKATA pour une  heure de cr\u00e9ation et de rencontre de musique exp\u00e9rimentale et ambiante.  Bon voyage ! <\/figcaption><\/figure>\n\n\n\n<hr class=\"wp-block-separator\"\/>\n","protected":false},"excerpt":{"rendered":"<p>Tous les 3\u00e8me mercredi du mois sur Klan-D, de 22h \u00e0 23h en direct : Itiner Hertz, pilot\u00e9e par St\u00e9phane Clovis. A chaque \u00e9mission, un invit\u00e9, un live improvis\u00e9, de l&rsquo;actu&#8230;.<\/p>\n","protected":false},"author":1,"featured_media":0,"parent":997,"menu_order":0,"comment_status":"open","ping_status":"closed","template":"","meta":{"footnotes":""},"class_list":["post-1010","page","type-page","status-publish","hentry"],"yoast_head":"<!-- This site is optimized with the Yoast SEO plugin v27.4 - https:\/\/yoast.com\/product\/yoast-seo-wordpress\/ -->\n<title>Itiner Hertz &#8226; Radio Klan-D<\/title>\n<meta name=\"description\" content=\"Tous les 3\u00e8me mercredi du mois sur Klan-D, de 22h \u00e0 23h en direct : Itiner Hertz, pilot\u00e9e par St\u00e9phane Clovis. A chaque \u00e9mission, invit\u00e9, live et actus...\" \/>\n<meta name=\"robots\" content=\"index, follow, max-snippet:-1, max-image-preview:large, max-video-preview:-1\" \/>\n<link rel=\"canonical\" href=\"https:\/\/www.klan-d.net\/?page_id=1010\" \/>\n<meta property=\"og:locale\" content=\"fr_FR\" \/>\n<meta property=\"og:type\" content=\"article\" \/>\n<meta property=\"og:title\" content=\"Itiner Hertz &#8226; Radio Klan-D\" \/>\n<meta property=\"og:description\" content=\"Tous les 3\u00e8me mercredi du mois sur Klan-D, de 22h \u00e0 23h en direct : Itiner Hertz, pilot\u00e9e par St\u00e9phane Clovis. A chaque \u00e9mission, un invit\u00e9, un live improvis\u00e9, de l&#039;actu....\" \/>\n<meta property=\"og:url\" content=\"https:\/\/www.klan-d.net\/?page_id=1010\" \/>\n<meta property=\"og:site_name\" content=\"Radio Klan-D\" \/>\n<meta property=\"article:publisher\" content=\"https:\/\/www.facebook.com\/radioclandestine\/\" \/>\n<meta property=\"article:modified_time\" content=\"2020-04-02T06:01:46+00:00\" \/>\n<meta property=\"og:image\" content=\"https:\/\/www.klan-d.net\/wp-content\/uploads\/49899315_1024622301074097_4169731091940245504_n-e1568697546127.jpg\" \/>\n\t<meta property=\"og:image:width\" content=\"250\" \/>\n\t<meta property=\"og:image:height\" content=\"141\" \/>\n\t<meta property=\"og:image:type\" content=\"image\/jpeg\" \/>\n<meta name=\"twitter:card\" content=\"summary_large_image\" \/>\n<meta name=\"twitter:site\" content=\"@RadioKlanD\" \/>\n<meta name=\"twitter:label1\" content=\"Dur\u00e9e de lecture estim\u00e9e\" \/>\n\t<meta name=\"twitter:data1\" content=\"1 minute\" \/>\n<script type=\"application\/ld+json\" class=\"yoast-schema-graph\">{\"@context\":\"https:\\\/\\\/schema.org\",\"@graph\":[{\"@type\":\"WebPage\",\"@id\":\"https:\\\/\\\/www.klan-d.net\\\/?page_id=1010\",\"url\":\"https:\\\/\\\/www.klan-d.net\\\/?page_id=1010\",\"name\":\"Itiner Hertz &#8226; Radio Klan-D\",\"isPartOf\":{\"@id\":\"https:\\\/\\\/www.klan-d.net\\\/#website\"},\"primaryImageOfPage\":{\"@id\":\"https:\\\/\\\/www.klan-d.net\\\/?page_id=1010#primaryimage\"},\"image\":{\"@id\":\"https:\\\/\\\/www.klan-d.net\\\/?page_id=1010#primaryimage\"},\"thumbnailUrl\":\"https:\\\/\\\/www.klan-d.net\\\/wp-content\\\/uploads\\\/49899315_1024622301074097_4169731091940245504_n-1024x576.jpg\",\"datePublished\":\"2019-01-26T04:59:31+00:00\",\"dateModified\":\"2020-04-02T06:01:46+00:00\",\"description\":\"Tous les 3\u00e8me mercredi du mois sur Klan-D, de 22h \u00e0 23h en direct : Itiner Hertz, pilot\u00e9e par St\u00e9phane Clovis. A chaque \u00e9mission, invit\u00e9, live et actus...\",\"breadcrumb\":{\"@id\":\"https:\\\/\\\/www.klan-d.net\\\/?page_id=1010#breadcrumb\"},\"inLanguage\":\"fr-FR\",\"potentialAction\":[{\"@type\":\"ReadAction\",\"target\":[\"https:\\\/\\\/www.klan-d.net\\\/?page_id=1010\"]}]},{\"@type\":\"ImageObject\",\"inLanguage\":\"fr-FR\",\"@id\":\"https:\\\/\\\/www.klan-d.net\\\/?page_id=1010#primaryimage\",\"url\":\"https:\\\/\\\/www.klan-d.net\\\/wp-content\\\/uploads\\\/49899315_1024622301074097_4169731091940245504_n-1024x576.jpg\",\"contentUrl\":\"https:\\\/\\\/www.klan-d.net\\\/wp-content\\\/uploads\\\/49899315_1024622301074097_4169731091940245504_n-1024x576.jpg\"},{\"@type\":\"BreadcrumbList\",\"@id\":\"https:\\\/\\\/www.klan-d.net\\\/?page_id=1010#breadcrumb\",\"itemListElement\":[{\"@type\":\"ListItem\",\"position\":1,\"name\":\"Accueil\",\"item\":\"https:\\\/\\\/www.klan-d.net\\\/\"},{\"@type\":\"ListItem\",\"position\":2,\"name\":\"Archives\",\"item\":\"https:\\\/\\\/www.klan-d.net\\\/?page_id=997\"},{\"@type\":\"ListItem\",\"position\":3,\"name\":\"Itiner Hertz\"}]},{\"@type\":\"WebSite\",\"@id\":\"https:\\\/\\\/www.klan-d.net\\\/#website\",\"url\":\"https:\\\/\\\/www.klan-d.net\\\/\",\"name\":\"Radio Klan-D\",\"description\":\"Webradio clandestine et ind\u00e9, partout, du old school hip hop, du boom bap et des vannes pourries !\",\"publisher\":{\"@id\":\"https:\\\/\\\/www.klan-d.net\\\/#organization\"},\"potentialAction\":[{\"@type\":\"SearchAction\",\"target\":{\"@type\":\"EntryPoint\",\"urlTemplate\":\"https:\\\/\\\/www.klan-d.net\\\/?s={search_term_string}\"},\"query-input\":{\"@type\":\"PropertyValueSpecification\",\"valueRequired\":true,\"valueName\":\"search_term_string\"}}],\"inLanguage\":\"fr-FR\"},{\"@type\":\"Organization\",\"@id\":\"https:\\\/\\\/www.klan-d.net\\\/#organization\",\"name\":\"Radio Klan-D\",\"url\":\"https:\\\/\\\/www.klan-d.net\\\/\",\"logo\":{\"@type\":\"ImageObject\",\"inLanguage\":\"fr-FR\",\"@id\":\"https:\\\/\\\/www.klan-d.net\\\/#\\\/schema\\\/logo\\\/image\\\/\",\"url\":\"https:\\\/\\\/www.klan-d.net\\\/wp-content\\\/uploads\\\/cropped-kland4.jpg\",\"contentUrl\":\"https:\\\/\\\/www.klan-d.net\\\/wp-content\\\/uploads\\\/cropped-kland4.jpg\",\"width\":512,\"height\":512,\"caption\":\"Radio Klan-D\"},\"image\":{\"@id\":\"https:\\\/\\\/www.klan-d.net\\\/#\\\/schema\\\/logo\\\/image\\\/\"},\"sameAs\":[\"https:\\\/\\\/www.facebook.com\\\/radioclandestine\\\/\",\"https:\\\/\\\/x.com\\\/RadioKlanD\",\"https:\\\/\\\/www.youtube.com\\\/channel\\\/UC2QoBtfYHnl9oWoPlvmaAEg\"]}]}<\/script>\n<!-- \/ Yoast SEO plugin. -->","yoast_head_json":{"title":"Itiner Hertz &#8226; Radio Klan-D","description":"Tous les 3\u00e8me mercredi du mois sur Klan-D, de 22h \u00e0 23h en direct : Itiner Hertz, pilot\u00e9e par St\u00e9phane Clovis. A chaque \u00e9mission, invit\u00e9, live et actus...","robots":{"index":"index","follow":"follow","max-snippet":"max-snippet:-1","max-image-preview":"max-image-preview:large","max-video-preview":"max-video-preview:-1"},"canonical":"https:\/\/www.klan-d.net\/?page_id=1010","og_locale":"fr_FR","og_type":"article","og_title":"Itiner Hertz &#8226; Radio Klan-D","og_description":"Tous les 3\u00e8me mercredi du mois sur Klan-D, de 22h \u00e0 23h en direct : Itiner Hertz, pilot\u00e9e par St\u00e9phane Clovis. A chaque \u00e9mission, un invit\u00e9, un live improvis\u00e9, de l'actu....","og_url":"https:\/\/www.klan-d.net\/?page_id=1010","og_site_name":"Radio Klan-D","article_publisher":"https:\/\/www.facebook.com\/radioclandestine\/","article_modified_time":"2020-04-02T06:01:46+00:00","og_image":[{"width":250,"height":141,"url":"https:\/\/www.klan-d.net\/wp-content\/uploads\/49899315_1024622301074097_4169731091940245504_n-e1568697546127.jpg","type":"image\/jpeg"}],"twitter_card":"summary_large_image","twitter_site":"@RadioKlanD","twitter_misc":{"Dur\u00e9e de lecture estim\u00e9e":"1 minute"},"schema":{"@context":"https:\/\/schema.org","@graph":[{"@type":"WebPage","@id":"https:\/\/www.klan-d.net\/?page_id=1010","url":"https:\/\/www.klan-d.net\/?page_id=1010","name":"Itiner Hertz &#8226; Radio Klan-D","isPartOf":{"@id":"https:\/\/www.klan-d.net\/#website"},"primaryImageOfPage":{"@id":"https:\/\/www.klan-d.net\/?page_id=1010#primaryimage"},"image":{"@id":"https:\/\/www.klan-d.net\/?page_id=1010#primaryimage"},"thumbnailUrl":"https:\/\/www.klan-d.net\/wp-content\/uploads\/49899315_1024622301074097_4169731091940245504_n-1024x576.jpg","datePublished":"2019-01-26T04:59:31+00:00","dateModified":"2020-04-02T06:01:46+00:00","description":"Tous les 3\u00e8me mercredi du mois sur Klan-D, de 22h \u00e0 23h en direct : Itiner Hertz, pilot\u00e9e par St\u00e9phane Clovis. A chaque \u00e9mission, invit\u00e9, live et actus...","breadcrumb":{"@id":"https:\/\/www.klan-d.net\/?page_id=1010#breadcrumb"},"inLanguage":"fr-FR","potentialAction":[{"@type":"ReadAction","target":["https:\/\/www.klan-d.net\/?page_id=1010"]}]},{"@type":"ImageObject","inLanguage":"fr-FR","@id":"https:\/\/www.klan-d.net\/?page_id=1010#primaryimage","url":"https:\/\/www.klan-d.net\/wp-content\/uploads\/49899315_1024622301074097_4169731091940245504_n-1024x576.jpg","contentUrl":"https:\/\/www.klan-d.net\/wp-content\/uploads\/49899315_1024622301074097_4169731091940245504_n-1024x576.jpg"},{"@type":"BreadcrumbList","@id":"https:\/\/www.klan-d.net\/?page_id=1010#breadcrumb","itemListElement":[{"@type":"ListItem","position":1,"name":"Accueil","item":"https:\/\/www.klan-d.net\/"},{"@type":"ListItem","position":2,"name":"Archives","item":"https:\/\/www.klan-d.net\/?page_id=997"},{"@type":"ListItem","position":3,"name":"Itiner Hertz"}]},{"@type":"WebSite","@id":"https:\/\/www.klan-d.net\/#website","url":"https:\/\/www.klan-d.net\/","name":"Radio Klan-D","description":"Webradio clandestine et ind\u00e9, partout, du old school hip hop, du boom bap et des vannes pourries !","publisher":{"@id":"https:\/\/www.klan-d.net\/#organization"},"potentialAction":[{"@type":"SearchAction","target":{"@type":"EntryPoint","urlTemplate":"https:\/\/www.klan-d.net\/?s={search_term_string}"},"query-input":{"@type":"PropertyValueSpecification","valueRequired":true,"valueName":"search_term_string"}}],"inLanguage":"fr-FR"},{"@type":"Organization","@id":"https:\/\/www.klan-d.net\/#organization","name":"Radio Klan-D","url":"https:\/\/www.klan-d.net\/","logo":{"@type":"ImageObject","inLanguage":"fr-FR","@id":"https:\/\/www.klan-d.net\/#\/schema\/logo\/image\/","url":"https:\/\/www.klan-d.net\/wp-content\/uploads\/cropped-kland4.jpg","contentUrl":"https:\/\/www.klan-d.net\/wp-content\/uploads\/cropped-kland4.jpg","width":512,"height":512,"caption":"Radio Klan-D"},"image":{"@id":"https:\/\/www.klan-d.net\/#\/schema\/logo\/image\/"},"sameAs":["https:\/\/www.facebook.com\/radioclandestine\/","https:\/\/x.com\/RadioKlanD","https:\/\/www.youtube.com\/channel\/UC2QoBtfYHnl9oWoPlvmaAEg"]}]}},"_links":{"self":[{"href":"https:\/\/www.klan-d.net\/index.php?rest_route=\/wp\/v2\/pages\/1010","targetHints":{"allow":["GET"]}}],"collection":[{"href":"https:\/\/www.klan-d.net\/index.php?rest_route=\/wp\/v2\/pages"}],"about":[{"href":"https:\/\/www.klan-d.net\/index.php?rest_route=\/wp\/v2\/types\/page"}],"author":[{"embeddable":true,"href":"https:\/\/www.klan-d.net\/index.php?rest_route=\/wp\/v2\/users\/1"}],"replies":[{"embeddable":true,"href":"https:\/\/www.klan-d.net\/index.php?rest_route=%2Fwp%2Fv2%2Fcomments&post=1010"}],"version-history":[{"count":0,"href":"https:\/\/www.klan-d.net\/index.php?rest_route=\/wp\/v2\/pages\/1010\/revisions"}],"up":[{"embeddable":true,"href":"https:\/\/www.klan-d.net\/index.php?rest_route=\/wp\/v2\/pages\/997"}],"wp:attachment":[{"href":"https:\/\/www.klan-d.net\/index.php?rest_route=%2Fwp%2Fv2%2Fmedia&parent=1010"}],"curies":[{"name":"wp","href":"https:\/\/api.w.org\/{rel}","templated":true}]}}